{"id":2685,"date":"2025-03-01T10:21:33","date_gmt":"2025-03-01T10:21:33","guid":{"rendered":"https:\/\/mimukai.eus\/plan-de-impulso-economico\/energia\/"},"modified":"2025-05-06T16:56:20","modified_gmt":"2025-05-06T16:56:20","slug":"energia","status":"publish","type":"page","link":"https:\/\/mimukai.eus\/es\/plan-de-impulso-economico\/energia\/","title":{"rendered":"Energ\u00eda"},"content":{"rendered":"\n<h1 class=\"wp-block-heading\">Energ\u00eda Verde<\/h1>\n\n<p>El sector de la energ\u00eda verde es uno de los principales desaf\u00edos actuales, clave en la transici\u00f3n energ\u00e9tica y en la lucha contra el cambio clim\u00e1tico, y por tanto es estrat\u00e9gico a nivel comarcal como lo es a nivel europeo, nacional y foral.  <\/p>\n\n<div class=\"wp-block-group alignwide has-background has-global-padding is-layout-constrained wp-container-core-group-is-layout-80fb368b wp-block-group-is-layout-constrained\" id=\"energia\" style=\"background-color:#9eb5cd;padding-top:var(--wp--preset--spacing--30);padding-right:var(--wp--preset--spacing--30);padding-bottom:var(--wp--preset--spacing--30);padding-left:var(--wp--preset--spacing--30)\">\n<div class=\"wp-block-columns is-layout-flex wp-container-core-columns-is-layout-28f84493 wp-block-columns-is-layout-flex\">\n<div class=\"wp-block-column is-layout-flow wp-block-column-is-layout-flow\">\n<h5 class=\"wp-block-heading\"><strong>1. OBETIVO: IMPULSAR NUEVOS PROYECTOS DE ENERG\u00cdA VERDE Y EL EMPRENDIMIENTO<\/strong><\/h5>\n\n\n\n<ul class=\"wp-block-list\">\n<li>Promover la energ\u00eda verde y el emprendimiento a trav\u00e9s de recursos end\u00f3genos <br\/><\/li>\n\n\n\n<li>Impulsar la econom\u00eda circular<\/li>\n\n\n\n<li>Impulsar la capacidad de los recursos humanos, econ\u00f3micos e infraestructuras del sector<\/li>\n<\/ul>\n<\/div>\n\n\n\n<div class=\"wp-block-column is-layout-flow wp-block-column-is-layout-flow\">\n<h5 class=\"wp-block-heading\"><strong>2. OBJETIVO: MEJORA DEL AHORRO Y LA EFICIENCIA ENERG\u00c9TICA<\/strong><\/h5>\n\n\n\n<ul class=\"wp-block-list\">\n<li>Impulso de comunidades energ\u00e9ticas y agregadores de demanda<\/li>\n\n\n\n<li>Sensibilizaci\u00f3n, concienciaci\u00f3n y asesoramiento<\/li>\n<\/ul>\n<\/div>\n<\/div>\n<\/div>\n\n<div class=\"wp-block-group alignwide has-global-padding is-layout-constrained wp-block-group-is-layout-constrained\">\n<h2 class=\"wp-block-heading alignwide\">Noticias<\/h2>\n\n\n\n<div class=\"wp-block-query alignwide is-layout-flow wp-block-query-is-layout-flow\"><ul class=\"columns-4 wp-block-post-template is-layout-grid wp-container-core-post-template-is-layout-0eac9162 wp-block-post-template-is-layout-grid\"><li class=\"wp-block-post post-3264 post type-post status-publish format-standard has-post-thumbnail hentry category-energia-es category-noticias\">\n<figure style=\"aspect-ratio:1; margin-top:var(--wp--preset--spacing--30);margin-bottom:var(--wp--preset--spacing--30);\" class=\"wp-block-post-featured-image\"><a href=\"https:\/\/mimukai.eus\/es\/elaboran-un-plan-de-viabilidad-de-la-biomasa-de-mendialdea\/\" target=\"_self\"  ><img loading=\"lazy\" decoding=\"async\" width=\"2560\" height=\"1701\" src=\"https:\/\/mimukai.eus\/wp-content\/uploads\/2025\/05\/Biomasa-scaled.jpg\" class=\"attachment-post-thumbnail size-post-thumbnail wp-post-image\" alt=\"Elaboran un plan de viabilidad de la biomasa de Mendialdea\" style=\"border-radius:10px;width:100%;height:100%;object-fit:cover;\" srcset=\"https:\/\/mimukai.eus\/wp-content\/uploads\/2025\/05\/Biomasa-scaled.jpg 2560w, https:\/\/mimukai.eus\/wp-content\/uploads\/2025\/05\/Biomasa-512x340.jpg 512w, https:\/\/mimukai.eus\/wp-content\/uploads\/2025\/05\/Biomasa-1024x680.jpg 1024w, https:\/\/mimukai.eus\/wp-content\/uploads\/2025\/05\/Biomasa-768x510.jpg 768w, https:\/\/mimukai.eus\/wp-content\/uploads\/2025\/05\/Biomasa-1536x1021.jpg 1536w, https:\/\/mimukai.eus\/wp-content\/uploads\/2025\/05\/Biomasa-2048x1361.jpg 2048w\" sizes=\"auto, (max-width: 2560px) 100vw, 2560px\" \/><\/a><\/figure>\n\n\n<div class=\"wp-block-group has-secondary-color has-text-color has-link-color has-small-font-size wp-elements-cd1aa0473887465eeb7066ea4fc7b41f is-vertical is-layout-flex wp-container-core-group-is-layout-f272ca0a wp-block-group-is-layout-flex\" style=\"margin-top:0;margin-bottom:0\">\n<div class=\"wp-block-group is-nowrap is-layout-flex wp-container-core-group-is-layout-5ca73bd7 wp-block-group-is-layout-flex\" style=\"margin-top:0;margin-bottom:var(--wp--preset--spacing--30);padding-top:0;padding-bottom:0\">\n\n\n<style class=\"wp-elements-d34aad428cc4f7b4bc6cc1d09b00e825\">\n\t:root {\n\t\t--heroicon-size: 16px;\n\t}\n<\/style>\n\n<div class=\"heroicon-template-container\">\n\t<span class=\"wp-elements-d34aad428cc4f7b4bc6cc1d09b00e825 wp-block-mikelaroy-heroicons has-text-color has-secondary-color\">\n\t\t<svg width=\"16\" height=\"16\" viewBox=\"0 0 16 16\" fill=\"none\" xmlns=\"http:\/\/www.w3.org\/2000\/svg\">\n<path d=\"M5.75 7.5C5.33579 7.5 5 7.83579 5 8.25C5 8.66421 5.33579 9 5.75 9C6.16421 9 6.5 8.66421 6.5 8.25C6.5 7.83579 6.16421 7.5 5.75 7.5Z\" fill=\"#0F172A\" \/>\n<path d=\"M5 10.25C5 9.83579 5.33579 9.5 5.75 9.5C6.16421 9.5 6.5 9.83579 6.5 10.25C6.5 10.6642 6.16421 11 5.75 11C5.33579 11 5 10.6642 5 10.25Z\" fill=\"#0F172A\" \/>\n<path d=\"M10.25 7.5C9.83579 7.5 9.5 7.83579 9.5 8.25C9.5 8.66421 9.83579 9 10.25 9C10.6642 9 11 8.66421 11 8.25C11 7.83579 10.6642 7.5 10.25 7.5Z\" fill=\"#0F172A\" \/>\n<path d=\"M7.25 8.25C7.25 7.83579 7.58579 7.5 8 7.5C8.41421 7.5 8.75 7.83579 8.75 8.25C8.75 8.66421 8.41421 9 8 9C7.58579 9 7.25 8.66421 7.25 8.25Z\" fill=\"#0F172A\" \/>\n<path d=\"M8 9.5C7.58579 9.5 7.25 9.83579 7.25 10.25C7.25 10.6642 7.58579 11 8 11C8.41421 11 8.75 10.6642 8.75 10.25C8.75 9.83579 8.41421 9.5 8 9.5Z\" fill=\"#0F172A\" \/>\n<path fill-rule=\"evenodd\" clip-rule=\"evenodd\" d=\"M4.75 1C4.33579 1 4 1.33579 4 1.75V3C2.89543 3 2 3.89543 2 5V12C2 13.1046 2.89543 14 4 14H12C13.1046 14 14 13.1046 14 12V5C14 3.89543 13.1046 3 12 3V1.75C12 1.33579 11.6642 1 11.25 1C10.8358 1 10.5 1.33579 10.5 1.75V3H5.5V1.75C5.5 1.33579 5.16421 1 4.75 1ZM3.5 7C3.5 6.44772 3.94772 6 4.5 6H11.5C12.0523 6 12.5 6.44772 12.5 7V11.5C12.5 12.0523 12.0523 12.5 11.5 12.5H4.5C3.94772 12.5 3.5 12.0523 3.5 11.5V7Z\" fill=\"#0F172A\" \/><\/svg>\t<\/span>\n<\/div>\n\n\n<div style=\"margin-bottom:0;\" class=\"wp-block-post-date\"><time datetime=\"2025-05-28T09:39:02+00:00\">2025\/05\/28<\/time><\/div><\/div>\n\n\n<h2 style=\"line-height:1.2; margin-top:0;margin-bottom:0;\" class=\"has-link-color wp-elements-f5dcd216069b4dae79250f83ccf175b9 wp-block-post-title has-text-color has-contrast-color has-medium-font-size\"><a href=\"https:\/\/mimukai.eus\/es\/elaboran-un-plan-de-viabilidad-de-la-biomasa-de-mendialdea\/\" target=\"_self\" >Elaboran un plan de viabilidad de la biomasa de Mendialdea<\/a><\/h2>\n\n\n<div class=\"wp-block-group is-nowrap is-layout-flex wp-container-core-group-is-layout-4b0a85f0 wp-block-group-is-layout-flex\">\n\n\n<style class=\"wp-elements-f796d8ee327849766a9434bb9129bc1c\">\n\t:root {\n\t\t--heroicon-size: 16px;\n\t}\n<\/style>\n\n<div class=\"heroicon-template-container\">\n\t<span class=\"wp-elements-f796d8ee327849766a9434bb9129bc1c wp-block-mikelaroy-heroicons has-text-color has-secondary-color\">\n\t\t<svg width=\"16\" height=\"16\" viewBox=\"0 0 16 16\" fill=\"none\" xmlns=\"http:\/\/www.w3.org\/2000\/svg\">\n<path d=\"M2 3.5C2 2.67157 2.67157 2 3.5 2H6.37868C6.7765 2 7.15804 2.15804 7.43934 2.43934L8.56066 3.56066C8.84196 3.84197 9.2235 4 9.62132 4H12.5C13.3284 4 14 4.67157 14 5.5V6.90135C13.5587 6.64609 13.0464 6.5 12.5 6.5H3.5C2.95357 6.5 2.44126 6.64609 2 6.90135V3.5Z\" fill=\"black\" \/>\n<path d=\"M2 9.5V12.5C2 13.3284 2.67157 14 3.5 14H12.5C13.3284 14 14 13.3284 14 12.5V9.5C14 8.67157 13.3284 8 12.5 8H3.5C2.67157 8 2 8.67157 2 9.5Z\" fill=\"black\" \/><\/svg>\t<\/span>\n<\/div>\n\n\n<div class=\"taxonomy-category wp-block-post-terms\"><a href=\"https:\/\/mimukai.eus\/es\/category\/energia-es\/\" rel=\"tag\">Energ\u00eda<\/a><span class=\"wp-block-post-terms__separator\">, <\/span><a href=\"https:\/\/mimukai.eus\/es\/category\/noticias\/\" rel=\"tag\">Noticias<\/a><\/div><\/div>\n<\/div>\n\n<\/li><li class=\"wp-block-post post-3275 post type-post status-publish format-standard has-post-thumbnail hentry category-energia-es\">\n<figure style=\"aspect-ratio:1; margin-top:var(--wp--preset--spacing--30);margin-bottom:var(--wp--preset--spacing--30);\" class=\"wp-block-post-featured-image\"><a href=\"https:\/\/mimukai.eus\/es\/la-oficina-de-transformacion-comunitaria-de-navarra-ofrece-un-servicio-en-mendialdea\/\" target=\"_self\"  ><img loading=\"lazy\" decoding=\"async\" width=\"2298\" height=\"1014\" src=\"https:\/\/mimukai.eus\/wp-content\/uploads\/2025\/05\/Captura-de-pantalla-2025-05-28-a-las-11.41.59.png\" class=\"attachment-post-thumbnail size-post-thumbnail wp-post-image\" alt=\"La Oficina de Transformaci\u00f3n Comunitaria de Navarra ofrece un servicio en Mendialdea\" style=\"border-radius:10px;width:100%;height:100%;object-fit:cover;\" srcset=\"https:\/\/mimukai.eus\/wp-content\/uploads\/2025\/05\/Captura-de-pantalla-2025-05-28-a-las-11.41.59.png 2298w, https:\/\/mimukai.eus\/wp-content\/uploads\/2025\/05\/Captura-de-pantalla-2025-05-28-a-las-11.41.59-512x226.png 512w, https:\/\/mimukai.eus\/wp-content\/uploads\/2025\/05\/Captura-de-pantalla-2025-05-28-a-las-11.41.59-1024x452.png 1024w, https:\/\/mimukai.eus\/wp-content\/uploads\/2025\/05\/Captura-de-pantalla-2025-05-28-a-las-11.41.59-768x339.png 768w, https:\/\/mimukai.eus\/wp-content\/uploads\/2025\/05\/Captura-de-pantalla-2025-05-28-a-las-11.41.59-1536x678.png 1536w, https:\/\/mimukai.eus\/wp-content\/uploads\/2025\/05\/Captura-de-pantalla-2025-05-28-a-las-11.41.59-2048x904.png 2048w\" sizes=\"auto, (max-width: 2298px) 100vw, 2298px\" \/><\/a><\/figure>\n\n\n<div class=\"wp-block-group has-secondary-color has-text-color has-link-color has-small-font-size wp-elements-cd1aa0473887465eeb7066ea4fc7b41f is-vertical is-layout-flex wp-container-core-group-is-layout-f272ca0a wp-block-group-is-layout-flex\" style=\"margin-top:0;margin-bottom:0\">\n<div class=\"wp-block-group is-nowrap is-layout-flex wp-container-core-group-is-layout-5ca73bd7 wp-block-group-is-layout-flex\" style=\"margin-top:0;margin-bottom:var(--wp--preset--spacing--30);padding-top:0;padding-bottom:0\">\n\n\n<style class=\"wp-elements-d34aad428cc4f7b4bc6cc1d09b00e825\">\n\t:root {\n\t\t--heroicon-size: 16px;\n\t}\n<\/style>\n\n<div class=\"heroicon-template-container\">\n\t<span class=\"wp-elements-d34aad428cc4f7b4bc6cc1d09b00e825 wp-block-mikelaroy-heroicons has-text-color has-secondary-color\">\n\t\t<svg width=\"16\" height=\"16\" viewBox=\"0 0 16 16\" fill=\"none\" xmlns=\"http:\/\/www.w3.org\/2000\/svg\">\n<path d=\"M5.75 7.5C5.33579 7.5 5 7.83579 5 8.25C5 8.66421 5.33579 9 5.75 9C6.16421 9 6.5 8.66421 6.5 8.25C6.5 7.83579 6.16421 7.5 5.75 7.5Z\" fill=\"#0F172A\" \/>\n<path d=\"M5 10.25C5 9.83579 5.33579 9.5 5.75 9.5C6.16421 9.5 6.5 9.83579 6.5 10.25C6.5 10.6642 6.16421 11 5.75 11C5.33579 11 5 10.6642 5 10.25Z\" fill=\"#0F172A\" \/>\n<path d=\"M10.25 7.5C9.83579 7.5 9.5 7.83579 9.5 8.25C9.5 8.66421 9.83579 9 10.25 9C10.6642 9 11 8.66421 11 8.25C11 7.83579 10.6642 7.5 10.25 7.5Z\" fill=\"#0F172A\" \/>\n<path d=\"M7.25 8.25C7.25 7.83579 7.58579 7.5 8 7.5C8.41421 7.5 8.75 7.83579 8.75 8.25C8.75 8.66421 8.41421 9 8 9C7.58579 9 7.25 8.66421 7.25 8.25Z\" fill=\"#0F172A\" \/>\n<path d=\"M8 9.5C7.58579 9.5 7.25 9.83579 7.25 10.25C7.25 10.6642 7.58579 11 8 11C8.41421 11 8.75 10.6642 8.75 10.25C8.75 9.83579 8.41421 9.5 8 9.5Z\" fill=\"#0F172A\" \/>\n<path fill-rule=\"evenodd\" clip-rule=\"evenodd\" d=\"M4.75 1C4.33579 1 4 1.33579 4 1.75V3C2.89543 3 2 3.89543 2 5V12C2 13.1046 2.89543 14 4 14H12C13.1046 14 14 13.1046 14 12V5C14 3.89543 13.1046 3 12 3V1.75C12 1.33579 11.6642 1 11.25 1C10.8358 1 10.5 1.33579 10.5 1.75V3H5.5V1.75C5.5 1.33579 5.16421 1 4.75 1ZM3.5 7C3.5 6.44772 3.94772 6 4.5 6H11.5C12.0523 6 12.5 6.44772 12.5 7V11.5C12.5 12.0523 12.0523 12.5 11.5 12.5H4.5C3.94772 12.5 3.5 12.0523 3.5 11.5V7Z\" fill=\"#0F172A\" \/><\/svg>\t<\/span>\n<\/div>\n\n\n<div style=\"margin-bottom:0;\" class=\"wp-block-post-date\"><time datetime=\"2025-05-26T16:39:00+00:00\">2025\/05\/26<\/time><\/div><\/div>\n\n\n<h2 style=\"line-height:1.2; margin-top:0;margin-bottom:0;\" class=\"has-link-color wp-elements-f5dcd216069b4dae79250f83ccf175b9 wp-block-post-title has-text-color has-contrast-color has-medium-font-size\"><a href=\"https:\/\/mimukai.eus\/es\/la-oficina-de-transformacion-comunitaria-de-navarra-ofrece-un-servicio-en-mendialdea\/\" target=\"_self\" >La Oficina de Transformaci\u00f3n Comunitaria de Navarra ofrece un servicio en Mendialdea<\/a><\/h2>\n\n\n<div class=\"wp-block-group is-nowrap is-layout-flex wp-container-core-group-is-layout-4b0a85f0 wp-block-group-is-layout-flex\">\n\n\n<style class=\"wp-elements-f796d8ee327849766a9434bb9129bc1c\">\n\t:root {\n\t\t--heroicon-size: 16px;\n\t}\n<\/style>\n\n<div class=\"heroicon-template-container\">\n\t<span class=\"wp-elements-f796d8ee327849766a9434bb9129bc1c wp-block-mikelaroy-heroicons has-text-color has-secondary-color\">\n\t\t<svg width=\"16\" height=\"16\" viewBox=\"0 0 16 16\" fill=\"none\" xmlns=\"http:\/\/www.w3.org\/2000\/svg\">\n<path d=\"M2 3.5C2 2.67157 2.67157 2 3.5 2H6.37868C6.7765 2 7.15804 2.15804 7.43934 2.43934L8.56066 3.56066C8.84196 3.84197 9.2235 4 9.62132 4H12.5C13.3284 4 14 4.67157 14 5.5V6.90135C13.5587 6.64609 13.0464 6.5 12.5 6.5H3.5C2.95357 6.5 2.44126 6.64609 2 6.90135V3.5Z\" fill=\"black\" \/>\n<path d=\"M2 9.5V12.5C2 13.3284 2.67157 14 3.5 14H12.5C13.3284 14 14 13.3284 14 12.5V9.5C14 8.67157 13.3284 8 12.5 8H3.5C2.67157 8 2 8.67157 2 9.5Z\" fill=\"black\" \/><\/svg>\t<\/span>\n<\/div>\n\n\n<div class=\"taxonomy-category wp-block-post-terms\"><a href=\"https:\/\/mimukai.eus\/es\/category\/energia-es\/\" rel=\"tag\">Energ\u00eda<\/a><\/div><\/div>\n<\/div>\n\n<\/li><\/ul>\n\n\n\n<\/div>\n<\/div>\n","protected":false},"excerpt":{"rendered":"<p>Energ\u00eda Verde El sector de la energ\u00eda verde es uno de los principales desaf\u00edos actuales, clave en la transici\u00f3n energ\u00e9tica y en la lucha contra el cambio clim\u00e1tico, y por tanto es estrat\u00e9gico a nivel comarcal como lo es a nivel europeo, nacional y foral. 1. OBETIVO: IMPULSAR NUEVOS PROYECTOS DE ENERG\u00cdA VERDE Y EL [&hellip;]<\/p>\n","protected":false},"author":1,"featured_media":0,"parent":2671,"menu_order":0,"comment_status":"closed","ping_status":"closed","template":"","meta":{"event_start_date":"","event_end_date":"","event_occurrences":[],"footnotes":""},"class_list":["post-2685","page","type-page","status-publish","hentry"],"yoast_head":"<!-- This site is optimized with the Yoast SEO plugin v27.1.1 - https:\/\/yoast.com\/product\/yoast-seo-wordpress\/ -->\n<title>Energ\u00eda - Mimukai<\/title>\n<meta name=\"robots\" content=\"index, follow, max-snippet:-1, max-image-preview:large, max-video-preview:-1\" \/>\n<link rel=\"canonical\" href=\"https:\/\/mimukai.eus\/es\/plan-de-impulso-economico\/energia\/\" \/>\n<meta property=\"og:locale\" content=\"es_ES\" \/>\n<meta property=\"og:type\" content=\"article\" \/>\n<meta property=\"og:title\" content=\"Energ\u00eda - Mimukai\" \/>\n<meta property=\"og:description\" content=\"Energ\u00eda Verde El sector de la energ\u00eda verde es uno de los principales desaf\u00edos actuales, clave en la transici\u00f3n energ\u00e9tica y en la lucha contra el cambio clim\u00e1tico, y por tanto es estrat\u00e9gico a nivel comarcal como lo es a nivel europeo, nacional y foral. 1. OBETIVO: IMPULSAR NUEVOS PROYECTOS DE ENERG\u00cdA VERDE Y EL [&hellip;]\" \/>\n<meta property=\"og:url\" content=\"https:\/\/mimukai.eus\/es\/plan-de-impulso-economico\/energia\/\" \/>\n<meta property=\"og:site_name\" content=\"Mimukai\" \/>\n<meta property=\"article:modified_time\" content=\"2025-05-06T16:56:20+00:00\" \/>\n<meta name=\"twitter:card\" content=\"summary_large_image\" \/>\n<meta name=\"twitter:label1\" content=\"Est. reading time\" \/>\n\t<meta name=\"twitter:data1\" content=\"1 minute\" \/>\n<script type=\"application\/ld+json\" class=\"yoast-schema-graph\">{\"@context\":\"https:\/\/schema.org\",\"@graph\":[{\"@type\":\"WebPage\",\"@id\":\"https:\/\/mimukai.eus\/es\/plan-de-impulso-economico\/energia\/\",\"url\":\"https:\/\/mimukai.eus\/es\/plan-de-impulso-economico\/energia\/\",\"name\":\"Energ\u00eda - Mimukai\",\"isPartOf\":{\"@id\":\"https:\/\/mimukai.eus\/#website\"},\"datePublished\":\"2025-03-01T10:21:33+00:00\",\"dateModified\":\"2025-05-06T16:56:20+00:00\",\"breadcrumb\":{\"@id\":\"https:\/\/mimukai.eus\/es\/plan-de-impulso-economico\/energia\/#breadcrumb\"},\"inLanguage\":\"es-ES\",\"potentialAction\":[{\"@type\":\"ReadAction\",\"target\":[\"https:\/\/mimukai.eus\/es\/plan-de-impulso-economico\/energia\/\"]}]},{\"@type\":\"BreadcrumbList\",\"@id\":\"https:\/\/mimukai.eus\/es\/plan-de-impulso-economico\/energia\/#breadcrumb\",\"itemListElement\":[{\"@type\":\"ListItem\",\"position\":1,\"name\":\"Home\",\"item\":\"https:\/\/mimukai.eus\/es\/\"},{\"@type\":\"ListItem\",\"position\":2,\"name\":\"Plan de Activaci\u00f3n Econ\u00f3mica\",\"item\":\"https:\/\/mimukai.eus\/es\/plan-de-impulso-economico\/\"},{\"@type\":\"ListItem\",\"position\":3,\"name\":\"Energ\u00eda\"}]},{\"@type\":\"WebSite\",\"@id\":\"https:\/\/mimukai.eus\/#website\",\"url\":\"https:\/\/mimukai.eus\/\",\"name\":\"Mimukai\",\"description\":\"Topagunea. Elkarlana. Sinergiak. Zubiak\",\"publisher\":{\"@id\":\"https:\/\/mimukai.eus\/#organization\"},\"potentialAction\":[{\"@type\":\"SearchAction\",\"target\":{\"@type\":\"EntryPoint\",\"urlTemplate\":\"https:\/\/mimukai.eus\/?s={search_term_string}\"},\"query-input\":{\"@type\":\"PropertyValueSpecification\",\"valueRequired\":true,\"valueName\":\"search_term_string\"}}],\"inLanguage\":\"es-ES\"},{\"@type\":\"Organization\",\"@id\":\"https:\/\/mimukai.eus\/#organization\",\"name\":\"Mimukai\",\"url\":\"https:\/\/mimukai.eus\/\",\"logo\":{\"@type\":\"ImageObject\",\"inLanguage\":\"es-ES\",\"@id\":\"https:\/\/mimukai.eus\/#\/schema\/logo\/image\/\",\"url\":\"https:\/\/mimukai.eus\/wp-content\/uploads\/2024\/03\/V1.png\",\"contentUrl\":\"https:\/\/mimukai.eus\/wp-content\/uploads\/2024\/03\/V1.png\",\"width\":1560,\"height\":304,\"caption\":\"Mimukai\"},\"image\":{\"@id\":\"https:\/\/mimukai.eus\/#\/schema\/logo\/image\/\"}}]}<\/script>\n<!-- \/ Yoast SEO plugin. -->","yoast_head_json":{"title":"Energ\u00eda - Mimukai","robots":{"index":"index","follow":"follow","max-snippet":"max-snippet:-1","max-image-preview":"max-image-preview:large","max-video-preview":"max-video-preview:-1"},"canonical":"https:\/\/mimukai.eus\/es\/plan-de-impulso-economico\/energia\/","og_locale":"es_ES","og_type":"article","og_title":"Energ\u00eda - Mimukai","og_description":"Energ\u00eda Verde El sector de la energ\u00eda verde es uno de los principales desaf\u00edos actuales, clave en la transici\u00f3n energ\u00e9tica y en la lucha contra el cambio clim\u00e1tico, y por tanto es estrat\u00e9gico a nivel comarcal como lo es a nivel europeo, nacional y foral. 1. OBETIVO: IMPULSAR NUEVOS PROYECTOS DE ENERG\u00cdA VERDE Y EL [&hellip;]","og_url":"https:\/\/mimukai.eus\/es\/plan-de-impulso-economico\/energia\/","og_site_name":"Mimukai","article_modified_time":"2025-05-06T16:56:20+00:00","twitter_card":"summary_large_image","twitter_misc":{"Est. reading time":"1 minute"},"schema":{"@context":"https:\/\/schema.org","@graph":[{"@type":"WebPage","@id":"https:\/\/mimukai.eus\/es\/plan-de-impulso-economico\/energia\/","url":"https:\/\/mimukai.eus\/es\/plan-de-impulso-economico\/energia\/","name":"Energ\u00eda - Mimukai","isPartOf":{"@id":"https:\/\/mimukai.eus\/#website"},"datePublished":"2025-03-01T10:21:33+00:00","dateModified":"2025-05-06T16:56:20+00:00","breadcrumb":{"@id":"https:\/\/mimukai.eus\/es\/plan-de-impulso-economico\/energia\/#breadcrumb"},"inLanguage":"es-ES","potentialAction":[{"@type":"ReadAction","target":["https:\/\/mimukai.eus\/es\/plan-de-impulso-economico\/energia\/"]}]},{"@type":"BreadcrumbList","@id":"https:\/\/mimukai.eus\/es\/plan-de-impulso-economico\/energia\/#breadcrumb","itemListElement":[{"@type":"ListItem","position":1,"name":"Home","item":"https:\/\/mimukai.eus\/es\/"},{"@type":"ListItem","position":2,"name":"Plan de Activaci\u00f3n Econ\u00f3mica","item":"https:\/\/mimukai.eus\/es\/plan-de-impulso-economico\/"},{"@type":"ListItem","position":3,"name":"Energ\u00eda"}]},{"@type":"WebSite","@id":"https:\/\/mimukai.eus\/#website","url":"https:\/\/mimukai.eus\/","name":"Mimukai","description":"Topagunea. Elkarlana. Sinergiak. Zubiak","publisher":{"@id":"https:\/\/mimukai.eus\/#organization"},"potentialAction":[{"@type":"SearchAction","target":{"@type":"EntryPoint","urlTemplate":"https:\/\/mimukai.eus\/?s={search_term_string}"},"query-input":{"@type":"PropertyValueSpecification","valueRequired":true,"valueName":"search_term_string"}}],"inLanguage":"es-ES"},{"@type":"Organization","@id":"https:\/\/mimukai.eus\/#organization","name":"Mimukai","url":"https:\/\/mimukai.eus\/","logo":{"@type":"ImageObject","inLanguage":"es-ES","@id":"https:\/\/mimukai.eus\/#\/schema\/logo\/image\/","url":"https:\/\/mimukai.eus\/wp-content\/uploads\/2024\/03\/V1.png","contentUrl":"https:\/\/mimukai.eus\/wp-content\/uploads\/2024\/03\/V1.png","width":1560,"height":304,"caption":"Mimukai"},"image":{"@id":"https:\/\/mimukai.eus\/#\/schema\/logo\/image\/"}}]}},"_links":{"self":[{"href":"https:\/\/mimukai.eus\/es\/wp-json\/wp\/v2\/pages\/2685","targetHints":{"allow":["GET"]}}],"collection":[{"href":"https:\/\/mimukai.eus\/es\/wp-json\/wp\/v2\/pages"}],"about":[{"href":"https:\/\/mimukai.eus\/es\/wp-json\/wp\/v2\/types\/page"}],"author":[{"embeddable":true,"href":"https:\/\/mimukai.eus\/es\/wp-json\/wp\/v2\/users\/1"}],"replies":[{"embeddable":true,"href":"https:\/\/mimukai.eus\/es\/wp-json\/wp\/v2\/comments?post=2685"}],"version-history":[{"count":11,"href":"https:\/\/mimukai.eus\/es\/wp-json\/wp\/v2\/pages\/2685\/revisions"}],"predecessor-version":[{"id":3130,"href":"https:\/\/mimukai.eus\/es\/wp-json\/wp\/v2\/pages\/2685\/revisions\/3130"}],"up":[{"embeddable":true,"href":"https:\/\/mimukai.eus\/es\/wp-json\/wp\/v2\/pages\/2671"}],"wp:attachment":[{"href":"https:\/\/mimukai.eus\/es\/wp-json\/wp\/v2\/media?parent=2685"}],"curies":[{"name":"wp","href":"https:\/\/api.w.org\/{rel}","templated":true}]}}